{"id":781,"date":"2020-07-14T21:43:42","date_gmt":"2020-07-14T21:43:42","guid":{"rendered":"https:\/\/rot-h-kirch.de\/?page_id=781"},"modified":"2020-07-17T22:43:42","modified_gmt":"2020-07-17T22:43:42","slug":"wenzel","status":"publish","type":"page","link":"https:\/\/rot-h-kirch.de\/?page_id=781","title":{"rendered":"Wenzel"},"content":{"rendered":"\n<p class=\"MsoListCxSpLast\"><strong>Wenzel von Rothkirch (ll.47), Hofmarschall K\u00f6nig Christians IV. von D\u00e4nemark.<\/strong><\/p>\n\n\n\n<figure class=\"wp-block-image size-large is-resized\"><img decoding=\"async\" loading=\"lazy\" src=\"https:\/\/i0.wp.com\/rot-h-kirch.de\/wp-content\/uploads\/2015\/01\/118_436.jpg?resize=660%2C849&#038;ssl=1\" alt=\"\" class=\"wp-image-22\" width=\"660\" height=\"849\" srcset=\"https:\/\/i0.wp.com\/rot-h-kirch.de\/wp-content\/uploads\/2015\/01\/118_436.jpg?w=436&amp;ssl=1 436w, https:\/\/i0.wp.com\/rot-h-kirch.de\/wp-content\/uploads\/2015\/01\/118_436.jpg?resize=233%2C300&amp;ssl=1 233w\" sizes=\"(max-width: 660px) 100vw, 660px\" data-recalc-dims=\"1\" \/><\/figure>\n\n\n\n<p class=\"MsoBodyTextFirstIndent\">Wenzel (11.47), der j\u00fcngste Bruder von Hans (11.45), wurde am 24 Juni 1597 in Jeschkendorf bei Liegnitz in Schlesien geboren.<\/p>\n\n\n\n<p class=\"MsoBodyTextFirstIndent\">Als er zw\u00f6lf Jahre alt geworden war, nahm in sein Bruder Heinrich (II.46) mit nach Kopenhagen. Dort wurde er bald Page des Grafen Detlev Rantzau, des Hofmarschalls K\u00f6nig Christian IV.<\/p>\n\n\n\n<p class=\"MsoBodyTextFirstIndent\">1612 ging er zu seinem Bruder Heinrich, der inzwischen Stallmeister auf Antvorskov geworden war. Dort lernte ihn <a href=\"https:\/\/de.wikipedia.org\/wiki\/Christian_IV._%28D\u00e4nemark_und_Norwegen%29\">K\u00f6nig Christian IV.<\/a> kennen. Der K\u00f6nig schickte ihn zur weiteren Ausbildung an den Hof <a href=\"https:\/\/de.wikipedia.org\/wiki\/Karl_I._%28England%29\">Prinz Carl I. von England<\/a>, von dort nach Frankreich und weiter an den Hof des <a href=\"https:\/\/de.wikipedia.org\/wiki\/Cosimo_II._de\u2019_Medici\">Gro\u00dfherzogs von Toskana<\/a>. Am 3. Oktober 1619 meldete sich Wenzel &#8222;bei dem damals in Bredstedt weilenden K\u00f6nig zur\u00fcck.\u201c<\/p>\n\n\n\n<p class=\"MsoBodyTextFirstIndent\">Am 17. August 1626 nahm Wenzel im Gefolge K\u00f6nig Christians IV. an der f\u00fcr diesen ungl\u00fccklichen <a href=\"https:\/\/de.wikipedia.org\/wiki\/Schlacht_bei_Lutter\">Schlacht bei Lutter am Barenberge<\/a> s\u00fcdlich von Hannover teil. Als das Pferd des K\u00f6nigs gefallen war, stellte Wenzel sofort das Seine zur Verf\u00fcgung und rettete so dem K\u00f6nig das Leben, was dieser ihm niemals verga\u00df. Wenzel schlug sich nach Wolfenb\u00fcttel durch und traf im dortigen Lager wieder mit seinem K\u00f6nig zusammen.<\/p>\n\n\n\n<p class=\"MsoBodyTextFirstIndent\">Am 6. November 1628 ernannte ihn der K\u00f6nig zum Hofmarschall. 1631 belehnte er Wenzel mit den Schl\u00f6ssern Antvorskov, Kors\u00f6r und S\u00f6bygaard. Anl\u00e4\u00dflich der Kr\u00f6nung K\u00f6nig Friedrichs III. wurde er Ritter des d\u00e4nischen Elephanten-Ordens.<\/p>\n\n\n\n<p class=\"MsoBodyTextFirstIndent\">Wenzel starb am 5. M\u00e4rz 1655 auf Antvorskov und wurde danach in der kleinen Dorfkirche zu Tjaereborg bei Esbjerg, die zu seinem Besitz auf J\u00fctland geh\u00f6rte, begraben. Im Chor der Kirche, links vom Altar, befindet sich hinter einem schmiedeisernen Gitter ein kunstvolles Epitaph. In dessen Mitte stellt ein \u00d6lgem\u00e4lde Wenzel als Ritter des Elephantenordens dar mit seinen beiden Frauen Kirsten von Reetz und Dorothea Abildgaard.<\/p>\n\n\n\n<figure class=\"wp-block-image size-large\"><img decoding=\"async\" loading=\"lazy\" width=\"660\" height=\"445\" src=\"https:\/\/i0.wp.com\/rot-h-kirch.de\/wp-content\/uploads\/2020\/07\/lutter-am-barenberge-33.jpg?resize=660%2C445&#038;ssl=1\" alt=\"\" class=\"wp-image-866\" srcset=\"https:\/\/i0.wp.com\/rot-h-kirch.de\/wp-content\/uploads\/2020\/07\/lutter-am-barenberge-33.jpg?w=800&amp;ssl=1 800w, https:\/\/i0.wp.com\/rot-h-kirch.de\/wp-content\/uploads\/2020\/07\/lutter-am-barenberge-33.jpg?resize=300%2C202&amp;ssl=1 300w, https:\/\/i0.wp.com\/rot-h-kirch.de\/wp-content\/uploads\/2020\/07\/lutter-am-barenberge-33.jpg?resize=768%2C517&amp;ssl=1 768w\" sizes=\"(max-width: 660px) 100vw, 660px\" data-recalc-dims=\"1\" \/><\/figure>\n\n\n\n<figure class=\"wp-block-image size-large is-resized\"><img decoding=\"async\" loading=\"lazy\" src=\"blob:http:\/\/vonrothkirch.de\/ba9c6e7c-0e62-4371-81d1-55ced223f16d\" alt=\"\" width=\"449\" height=\"592\"\/><\/figure>\n","protected":false},"excerpt":{"rendered":"<p>Wenzel von Rothkirch (ll.47), Hofmarschall K\u00f6nig Christians IV. von D\u00e4nemark. Wenzel (11.47), der j\u00fcngste Bruder von Hans (11.45), wurde am 24 Juni 1597 in Jeschkendorf bei Liegnitz in Schlesien geboren. Als er zw\u00f6lf Jahre alt geworden war, nahm in sein Bruder Heinrich (II.46) mit nach Kopenhagen. Dort wurde er bald Page des Grafen Detlev Rantzau, &hellip; <a href=\"https:\/\/rot-h-kirch.de\/?page_id=781\" class=\"more-link\"><span class=\"screen-reader-text\">Wenzel<\/span> weiterlesen<\/a><\/p>\n","protected":false},"author":1,"featured_media":0,"parent":89,"menu_order":0,"comment_status":"closed","ping_status":"closed","template":"","meta":{"footnotes":""},"_links":{"self":[{"href":"https:\/\/rot-h-kirch.de\/index.php?rest_route=\/wp\/v2\/pages\/781"}],"collection":[{"href":"https:\/\/rot-h-kirch.de\/index.php?rest_route=\/wp\/v2\/pages"}],"about":[{"href":"https:\/\/rot-h-kirch.de\/index.php?rest_route=\/wp\/v2\/types\/page"}],"author":[{"embeddable":true,"href":"https:\/\/rot-h-kirch.de\/index.php?rest_route=\/wp\/v2\/users\/1"}],"replies":[{"embeddable":true,"href":"https:\/\/rot-h-kirch.de\/index.php?rest_route=%2Fwp%2Fv2%2Fcomments&post=781"}],"version-history":[{"count":8,"href":"https:\/\/rot-h-kirch.de\/index.php?rest_route=\/wp\/v2\/pages\/781\/revisions"}],"predecessor-version":[{"id":861,"href":"https:\/\/rot-h-kirch.de\/index.php?rest_route=\/wp\/v2\/pages\/781\/revisions\/861"}],"up":[{"embeddable":true,"href":"https:\/\/rot-h-kirch.de\/index.php?rest_route=\/wp\/v2\/pages\/89"}],"wp:attachment":[{"href":"https:\/\/rot-h-kirch.de\/index.php?rest_route=%2Fwp%2Fv2%2Fmedia&parent=781"}],"curies":[{"name":"wp","href":"https:\/\/api.w.org\/{rel}","templated":true}]}}