{"id":526,"date":"2017-12-15T08:11:42","date_gmt":"2017-12-15T08:11:42","guid":{"rendered":"https:\/\/rot-h-kirch.de\/?page_id=526"},"modified":"2018-05-26T06:08:22","modified_gmt":"2018-05-26T06:08:22","slug":"datenschutz","status":"publish","type":"page","link":"https:\/\/rot-h-kirch.de\/?page_id=526","title":{"rendered":"Datenschutzerkl\u00e4rung"},"content":{"rendered":"<h1><\/h1>\n<p>Wir freuen uns sehr \u00fcber Ihr Interesse an unserem Verein. Wir legen gro\u00dfen Wert auf den Schutz Ihrer Daten. Die nachfolgende Datenschutzerkl\u00e4rung informiert Sie umfassend \u00fcber den Umgang mit Ihren personenbezogenen Daten sowie \u00fcber Ihre Rechte in diesem Zusammenhang bei Nutzung unserer Website.<\/p>\n<h2><strong>I. Begriffsbestimmungen<\/strong><\/h2>\n<p><strong>\u00a0<\/strong>Die in unserer Datenschutzerkl\u00e4rung verwendeten Begriffsbestimmungen entsprechen denen des Art. 4 DSGVO.<\/p>\n<p><em>\u201epersonenbezogene Daten\u201c<\/em>\u00a0sind\u00a0alle Informationen, die sich auf eine identifizierte oder identifizierbare nat\u00fcrliche Person (im Folgenden \u201ebetroffene Person\u201c) beziehen; als identifizierbar wird eine nat\u00fcrliche Person angesehen, die direkt oder indirekt, insbesondere mittels Zuordnung zu einer Kennung wie einem Namen, zu einer Kennnummer, zu Standortdaten, zu einer Online-Kennung oder zu einem oder mehreren besonderen Merkmalen, die Ausdruck der physischen, physiologischen, genetischen, psychischen, wirtschaftlichen, kulturellen oder sozialen Identit\u00e4t dieser nat\u00fcrlichen Person sind, identifiziert werden kann;<\/p>\n<p><em>\u201eVerarbeitung\u201c<\/em>\u00a0ist\u00a0jeder mit oder ohne Hilfe automatisierter Verfahren ausgef\u00fchrter Vorgang oder jede solche Vorgangsreihe im Zusammenhang mit personenbezogenen Daten wie das Erheben, das Erfassen, die Organisation, das Ordnen, die Speicherung, die Anpassung oder Ver\u00e4nderung, das Auslesen, das Abfragen, die Verwendung, die Offenlegung durch \u00dcbermittlung, Verbreitung oder eine andere Form der Bereitstellung, den Abgleich oder die Verkn\u00fcpfung, die Einschr\u00e4nkung, das L\u00f6schen oder die Vernichtung;<\/p>\n<p><em>\u201eEinschr\u00e4nkung der Verarbeitung\u201c<\/em>\u00a0ist\u00a0die Markierung gespeicherter personenbezogener Daten mit dem Ziel, ihre k\u00fcnftige Verarbeitung einzuschr\u00e4nken;<\/p>\n<p><em>\u201ePseudonymisierung\u201c<\/em>\u00a0ist\u00a0die Verarbeitung personenbezogener Daten in einer Weise, dass die personenbezogenen Daten ohne Hinzuziehung zus\u00e4tzlicher Informationen nicht mehr einer spezifischen betroffenen Person zugeordnet werden k\u00f6nnen, sofern diese zus\u00e4tzlichen Informationen gesondert aufbewahrt werden und technischen und organisatorischen Ma\u00dfnahmen unterliegen, die gew\u00e4hrleisten, dass die personenbezogenen Daten nicht einer identifizierten oder identifizierbaren nat\u00fcrlichen Person zugewiesen werden;<\/p>\n<p><em>\u201eVerantwortlicher\u201c<\/em>\u00a0ist\u00a0die nat\u00fcrliche oder juristische Person, Beh\u00f6rde, Einrichtung oder andere Stelle, die allein oder gemeinsam mit anderen \u00fcber die Zwecke und Mittel der Verarbeitung von personenbezogenen Daten entscheidet; sind die Zwecke und Mittel dieser Verarbeitung durch das Unionsrecht oder das Recht der Mitgliedstaaten vorgegeben, so kann der Verantwortliche beziehungsweise k\u00f6nnen die bestimmten Kriterien seiner Benennung nach dem Unionsrecht oder dem Recht der Mitgliedstaaten vorgesehen werden;<\/p>\n<p><em>\u201eAuftragsverarbeiter\u201c<\/em>\u00a0ist\u00a0eine nat\u00fcrliche oder juristische Person, Beh\u00f6rde, Einrichtung oder andere Stelle, die personen\u00adbezogene Daten im Auftrag des Verantwortlichen verarbeitet;<\/p>\n<p><em>\u201eEmpf\u00e4nger\u201c<\/em>\u00a0ist\u00a0eine nat\u00fcrliche oder juristische Person, Beh\u00f6rde, Einrichtung oder andere Stelle, der personenbezogene Daten offengelegt werden, unabh\u00e4ngig davon, ob es sich bei ihr um einen Dritten handelt oder nicht. Beh\u00f6rden, die im Rahmen eines bestimmten Untersuchungsauftrags nach dem Unionsrecht oder dem Recht der Mitgliedstaaten m\u00f6glicherweise personenbezogene Daten erhalten, gelten jedoch nicht als Empf\u00e4nger; die Verarbeitung dieser Daten durch die genannten Beh\u00f6rden erfolgt im Einklang mit den geltenden Datenschutzvorschriften gem\u00e4\u00df den Zwecken der Verarbeitung;<\/p>\n<p><em>\u201eDritter\u201c<\/em>\u00a0ist\u00a0eine nat\u00fcrliche oder juristische Person, Beh\u00f6rde, Einrichtung oder andere Stelle, au\u00dfer der betroffenen Person, dem Verantwortlichen, dem Auftragsverarbeiter und den Personen, die unter der unmittelbaren Verantwortung des Verantwortlichen oder des Auftragsverarbeiters befugt sind, die personenbezogenen Daten zu verarbeiten;<\/p>\n<p><em>\u201eEinwilligung\u201c<\/em>\u00a0der betroffenen Person ist jede freiwillig f\u00fcr den bestimmten Fall, in informierter Weise und unmissverst\u00e4ndlich abgegebene Willensbekundung in Form einer Erkl\u00e4rung oder einer sonstigen eindeutigen best\u00e4tigenden Handlung, mit der die betroffene Person zu verstehen gibt, dass sie mit der Verarbeitung der sie betreffenden personenbezogenen Daten einverstanden ist.<\/p>\n<h2>II. Verantwortlicher<\/h2>\n<p>Der Verantwortliche im Sinne der DSGVO, des BDSG (neu) und sonstiger datenschutzrechtlicher Bestimmungen ist der:<\/p>\n<p>&nbsp;<\/p>\n<p><em>Rothkirch`sche Familienverband e.V.<\/em><br \/>\n<em>E-Mail: vrothkirch@gmx.de<\/em><br \/>\n<em>Website: www.vonrothkirch.de<\/em><\/p>\n<h2>III.\u00a0\u00a0\u00a0\u00a0\u00a0 Umfang der Verarbeitung personenbezogener Daten<\/h2>\n<p>Alle Informationen, die eine direkte oder indirekte Identifikation einer nat\u00fcrlichen Person zulassen, wie ein Name, eine Identifikationsnummer, Standortdaten oder ein Online-Identifier oder die Auskunft zur physischen, physiologischen, genetischen, mentalen, wirtschaftlichen, kulturellen oder sozialen Identit\u00e4t dieser nat\u00fcrlichen Person geben, sind personenbezogene Daten. Wir erheben und verwenden personenbezogene Daten unserer Nutzer grunds\u00e4tzlich nur, soweit dies zur Bereitstellung einer funktionsf\u00e4higen Website sowie unserer Inhalte und Leistungen erforderlich ist. Die Erhebung und Verwendung personenbezogener Daten unserer Nutzer erfolgt regelm\u00e4\u00dfig nur nach Einwilligung des Nutzers. Eine Ausnahme gilt in solchen F\u00e4llen, in denen eine vorherige Einholung einer Einwilligung aus tats\u00e4chlichen Gr\u00fcnden nicht m\u00f6glich ist und die Verarbeitung der Daten durch gesetzliche Vorschriften gestattet ist. Die Verarbeitung personenbezogener Daten erfolgt ausschlie\u00dflich nach den Grunds\u00e4tzen des Art. 5 DSGVO.<\/p>\n<h2>IV.\u00a0\u00a0\u00a0 Datenerfassung auf unserer Website<\/h2>\n<p>Im Folgenden m\u00f6chten wir Sie dar\u00fcber informieren, welche personenbezogene Daten\u00a0 wir verarbeiten.<\/p>\n<p><strong style=\"font-size: 24px;\">1. Logfiles\/Verarbeitung der IP-Adressen<\/strong><\/p>\n<p>Sie k\u00f6nnen unsere Seite besuchen, ohne personenbezogene Daten anzugeben. Allerdings wird von unserem System kurzzeitig Ihre IP-Adresse gespeichert. Diese stellt auch ein personenbezogenes Datum dar, sodass wir Sie dar\u00fcber aufkl\u00e4ren m\u00fcssen.<\/p>\n<p>Um die Seite f\u00fcr Sie bereitzustellen, ist es notwendig, dass die Informationen vom Computersystem des aufrufenden Rechners (Server-Logfiles) erfasst werden. Es handelt sich um folgende Daten: Name der angeforderten Datei,\u00a0 Ihre IP-Adresse, Datum und Uhrzeit des Abrufs, \u00fcbertragene Datenmenge und der anfragende Provider (Zugriffsdaten). Die Zugriffsdaten werden ausschlie\u00dflich zwecks Auslieferung der Webseiteninhalte verwendet. Eine Auswertung der Daten zu Marketingzwecken findet in diesem Zusammenhang nicht statt.<\/p>\n<p>Die Rechtsgrundlage f\u00fcr die vor\u00fcbergehende Speicherung der Daten und der Logfiles ist Art.\u00a06 Abs.\u00a01 lit.\u00a0f DSGVO.<\/p>\n<p>Die Erfassung der Daten zur Bereitstellung der Website und die Speicherung der Daten in Logfiles ist f\u00fcr den Betrieb der Internetseite zwingend erforderlich. Es besteht folglich seitens des Nutzers keine Widerspruchsm\u00f6glichkeit.<\/p>\n<p><strong style=\"font-size: 24px;\">2. Datenweitergabe an Dritte<\/strong><\/p>\n<p>Ihrer pers\u00f6nlichen Daten werden gegebenenfalls an Dritte \u00fcbertragen, sofern sie ausdr\u00fccklich Ihre Einwilligung dazu erteilt haben, dies gesetzlich vorgeschrieben ist oder soweit Dritte diese Daten, wie im Folgenden ausgef\u00fchrt wird, im Auftrag verarbeiten.<\/p>\n<h3>3.\u00a0\u00a0\u00a0 Verwendung von Cookies<\/h3>\n<p>Um den Besuch unserer Website attraktiv zu gestalten und die Nutzung bestimmter Funktionen zu erm\u00f6glichen, um passende Produkte anzuzeigen oder zur Marktforschung verwenden wir auf verschiedenen Seiten sogenannte Cookies. Dies dient der Wahrung unserer im Rahmen einer Interessensabw\u00e4gung \u00fcberwiegenden berechtigten Interessen an einer optimierten Darstellung unseres Angebots. Die Rechtsgrundlage hierf\u00fcr ist Art.\u00a06 Abs.\u00a01 lit.\u00a0f DSGVO. Cookies sind kleine Textdateien, die automatisch auf Ihrem Endger\u00e4t gespeichert werden. Einige der von uns verwendeten Cookies werden nach Ende der Browser-Sitzung, also nach Schlie\u00dfen Ihres Browsers, wieder gel\u00f6scht (sog. Sitzungs-Cookies). Andere Cookies verbleiben auf Ihrem Endger\u00e4t und erm\u00f6glichen uns, Ihren Browser beim n\u00e4chsten Besuch wiederzuerkennen (persistente Cookies). Die Dauer der Speicherung k\u00f6nnen Sie der \u00dcbersicht in den Cookie-Einstellungen Ihres Webbrowsers entnehmen. Sie k\u00f6nnen Ihren Browser so einstellen, dass Sie \u00fcber das Setzen von Cookies informiert werden und einzeln \u00fcber deren Annahme entscheiden oder die Annahme von Cookies f\u00fcr bestimmte F\u00e4lle oder generell ausschlie\u00dfen. Jeder Browser unterscheidet sich in der Art, wie er die Cookie-Einstellungen verwaltet. Diese ist in dem Hilfemen\u00fc jedes Browsers beschrieben, welches Ihnen erl\u00e4utert, wie Sie Ihre Cookie-Einstellungen \u00e4ndern k\u00f6nnen. Diese finden Sie f\u00fcr die jeweiligen Browser unter den folgenden Links:<br \/>\nInternet Explorer\u2122: <a href=\"http:\/\/windows.microsoft.com\/de-DE\/windows-vista\/Block-or-allow-cookies\">http:\/\/windows.microsoft.com\/de-DE\/windows-vista\/Block-or-allow-cookies<\/a><br \/>\nSafari\u2122:<a href=\"https:\/\/support.apple.com\/kb\/ph21411?locale=de_DE\">https:\/\/support.apple.com\/kb\/ph21411?locale=de_DE<\/a><br \/>\nChrome\u2122:<a href=\"http:\/\/support.google.com\/chrome\/bin\/answer.py?hl=de&amp;hlrm=en&amp;answer=95647\">http:\/\/support.google.com\/chrome\/bin\/answer.py?hl=de&amp;hlrm=en&amp;answer=95647<\/a><br \/>\nFirefox\u2122:<a href=\"https:\/\/support.mozilla.org\/de\/kb\/cookies-erlauben-und-ablehnen\">https:\/\/support.mozilla.org\/de\/kb\/cookies-erlauben-und-ablehnen<\/a><br \/>\nOpera\u2122:<a href=\"http:\/\/help.opera.com\/Windows\/10.20\/de\/cookies.html\">http:\/\/help.opera.com\/Windows\/10.20\/de\/cookies.html<\/a><\/p>\n<p>Bei der Nichtannahme von Cookies kann die Funktionalit\u00e4t unserer Website eingeschr\u00e4nkt sein.<\/p>\n<h3>4.\u00a0\u00a0\u00a0 E-Mail-Kontakt<\/h3>\n<p>Wir bieten Ihnen die M\u00f6glichkeit, bei Fragen jeglicher Art \u00fcber unsere E-Mail-Adresse Kontakt zu uns aufzunehmen. Es erfolgt eine Datenverarbeitung zum Zwecke der Kontaktaufnahme mit uns nach Art. 6 Abs. 1 S. 1 lit. a DSGVO auf Grundlage Ihrer freiwillig erteilten Einwilligung. Die zum Zwecke der Kontaktaufnahme von uns erhobenen personenbezogenen Daten werden nach Erledigung der von Ihnen gestellten Anfrage automatisch gel\u00f6scht. Es erfolgt keine Weitergabe dieser personenbezogenen Daten an Dritte.<\/p>\n<h2>V.\u00a0\u00a0\u00a0 Betroffenenrechte<\/h2>\n<p>Soweit Sie als betroffene Person i.S.d. Art. 4 Nr. 1 DSGVO gelten, stehen Ihnen bez\u00fcglich der Verarbeitung Ihrer personenbezogenen Daten nach der DSGVO die nachfolgend wiedergegebenen Rechte zu. Den vollst\u00e4ndigen Gesetzestext der nachfolgend aufgef\u00fchrten Rechte finden Sie hier:<\/p>\n<p><a href=\"https:\/\/www.bfdi.bund.de\/SharedDocs\/Publikationen\/Infobroschueren\/INFO6.pdf?__blob=publicationFile&amp;v=44\">https:\/\/www.bfdi.bund.de\/SharedDocs\/Publikationen\/Infobroschueren\/INFO6.pdf?__blob=publicationFile&amp;v=44<\/a><\/p>\n<h3>1.\u00a0\u00a0\u00a0 Recht auf Best\u00e4tigung und Auskunft<\/h3>\n<p>Unter den Voraussetzungen des Art. 15 DSGVO haben Sie das Recht, eine Best\u00e4tigung dar\u00fcber zu verlangen, ob sie betreffende personenbezogene Daten verarbeitet werden und jederzeit von dem f\u00fcr die Verarbeitung Verantwortlichen unentgeltliche Auskunft \u00fcber die zu Ihrer Person gespeicherten personenbezogenen Daten und eine Kopie dieser Auskunft zu erhalten.<\/p>\n<h3>2.\u00a0\u00a0\u00a0 Recht auf Berichtigung<\/h3>\n<p>Unter den Voraussetzungen des Art. 16 DSGVO haben Sie das Recht, die unverz\u00fcgliche Berichtigung Sie betreffender unrichtiger personenbezogener Daten zu verlangen. Zudem haben Sie das Recht, unter Ber\u00fccksichtigung der Zwecke der Verarbeitung, die Vervollst\u00e4ndigung unvollst\u00e4ndiger personenbezogener Daten \u2014 auch mittels einer erg\u00e4nzenden Erkl\u00e4rung \u2014 zu verlangen.<\/p>\n<h3>3.\u00a0\u00a0\u00a0 Recht auf L\u00f6schung<\/h3>\n<p>Unter den Voraussetzungen des Art. 17 DSGVO haben Sie das Recht, von uns zu verlangen, dass die Sie betreffenden personenbezogenen Daten unverz\u00fcglich gel\u00f6scht werden, sofern einer der in Art. 17 DSGVO genannten Gr\u00fcnde vorliegt und soweit die Verarbeitung nicht erforderlich ist.<\/p>\n<h3>4.\u00a0\u00a0\u00a0 Recht auf Einschr\u00e4nkung der Verarbeitung<\/h3>\n<p>Unter den Voraussetzungen des Art. 18 DSGVO haben Sie das Recht, die Einschr\u00e4nkung der Verarbeitung von uns zu verlangen.<\/p>\n<h3>5.\u00a0\u00a0\u00a0 Recht auf Daten\u00fcbertragbarkeit<\/h3>\n<p>Unter den Voraussetzungen des Art. 20 DSGVO haben Sie das Recht, die Sie betreffenden personenbezogenen Daten, die Sie uns bereitgestellt haben, in einem strukturierten, g\u00e4ngigen und maschinenlesbaren Format zu erhalten, und Sie haben das Recht, diese Daten einem anderen Verantwortlichen ohne Behinderung durch uns zu \u00fcbermitteln, sofern die weiteren Voraussetzungen des Art. 20 DSGVO vorliegen.<\/p>\n<h3>6.\u00a0\u00a0\u00a0 \u00a0Recht auf Widerruf einer Einwilligung<\/h3>\n<p>Sie haben das Recht, eine uns erteilte Einwilligung zur Verarbeitung personenbezogener Daten jederzeit mit Wirkung f\u00fcr die Zukunft zu widerrufen. Den Widerruf richten Sie bitte an die oben angegebenen Kontaktdaten.<\/p>\n<h3>7.\u00a0\u00a0\u00a0 Automatisierte Entscheidungen im Einzelfall einschlie\u00dflich Profiling<\/h3>\n<p>Sie haben das Recht, nicht ausschlie\u00dflich einer automatisierten Verarbeitung \u2013 einschlie\u00dflich Profling \u2013 unterworfen zu werden, die Ihnen gegen\u00fcber rechtliche Wirkung entfaltet oder Sie in \u00e4hnlicher Weise erheblich beeintr\u00e4chtigt.<\/p>\n<h3>8.\u00a0\u00a0\u00a0 Widerspruchsrecht<\/h3>\n<p>Unter den Voraussetzungen des Art. 21 DSGVO haben Sie das Recht, jederzeit gegen die Verarbeitung Sie betreffender personenbezogener Daten Widerspruch einzulegen. Liegen die Voraussetzungen f\u00fcr einen wirksamen Widerspruch vor, darf eine Verarbeitung durch uns nicht mehr erfolgen. Das vorstehende allgemeine Widerspruchsrecht gilt f\u00fcr alle in dieser Datenschutz-Information beschriebenen Verarbeitungszwecke, die auf Grundlage von Artikel 6 Absatz 1 Buchstabe f) DSGVO verarbeitet werden.<br \/>\nNach Aus\u00fcbung Ihres Widerspruchsrechts werden wir Ihre personenbezogenen Daten nicht weiter zu diesen Zwecken verarbeiten, es sei denn, wir k\u00f6nnen zwingende schutzw\u00fcrdige Gr\u00fcnde f\u00fcr die Verarbeitung nachweisen, die Ihre Interessen, Rechte und Freiheiten \u00fcberwiegen, oder wenn die Verarbeitung der Geltendmachung, Aus\u00fcbung oder Verteidigung von Rechtsanspr\u00fcchen dient.<\/p>\n<p>Dies gilt nicht, wenn die Verarbeitung zu Zwecken des Direktmarketings erfolgt. Dann werden wir Ihre personenbezogenen Daten nicht weiter zu diesem Zweck verarbeiten.<\/p>\n<h3>9.\u00a0\u00a0\u00a0 \u00a0Beschwerderecht bei einer Aufsichtsbeh\u00f6rde<\/h3>\n<p>Bei Fragen und zur Aus\u00fcbung der genannten Rechte wenden Sie sich bitte an unseren Kontakt unter <a href=\"mailto:vrothkirch@gmx.de\">vrothkirch@gmx.de<\/a> .<\/p>\n<p>Sie haben unbeschadet eines anderweitigen verwaltungsrechtlichen oder gerichtlichen Rechtsbehelfs das Recht auf Beschwerde bei einer Aufsichtsbeh\u00f6rde, insbesondere in dem Mitgliedstaat Ihres Aufenthaltsortes, Ihres Arbeitsplatzes oder des Ortes des mutma\u00dflichen Versto\u00dfes, wenn Sie der Ansicht sind, dass die Verarbeitung der Sie betreffenden personenbezogenen Daten gegen die Vorgaben der DSGVO verst\u00f6\u00dft.<\/p>\n<p>Landesbeauftragte f\u00fcr Datenschutz und Informationsfreiheit, Arndtstra\u00dfe 1, 27570 Bremerhaven, E-Mail: <a href=\"mailto:office@datenschutz.bremen.de\">office@datenschutz.bremen.de<\/a><\/p>\n<h2>\u00a0Speicherdauer f\u00fcr die personenbezogenen Daten; L\u00f6schung<\/h2>\n<p>Wir l\u00f6schen personenbezogene Daten, sobald deren Speicherung f\u00fcr die Erf\u00fcllung des urspr\u00fcnglichen Zwecks nicht mehr erforderlich ist und keine gesetzlichen Aufbewahrungsfristen mehr bestehen. Die gesetzlichen Aufbewahrungsfristen bilden letztlich das Kriterium f\u00fcr die endg\u00fcltige Dauer der Speicherung von personenbezogenen Daten. Nach Ablauf der Frist werden die entsprechenden Daten routinem\u00e4\u00dfig gel\u00f6scht. Beim Bestehen von Aufbewahrungsfristen erfolgt eine Einschr\u00e4nkung der Verarbeitung in Form der Sperrung der Daten.<\/p>\n<p>&nbsp;<\/p>\n<p>&nbsp;<\/p>\n<p><strong>Stand der Datenschutzerkl\u00e4rung: Mai 2018<\/strong><\/p>\n<p>&nbsp;<\/p>\n<p>&nbsp;<\/p>\n","protected":false},"excerpt":{"rendered":"<p>Wir freuen uns sehr \u00fcber Ihr Interesse an unserem Verein. Wir legen gro\u00dfen Wert auf den Schutz Ihrer Daten. Die nachfolgende Datenschutzerkl\u00e4rung informiert Sie umfassend \u00fcber den Umgang mit Ihren personenbezogenen Daten sowie \u00fcber Ihre Rechte in diesem Zusammenhang bei Nutzung unserer Website. I. Begriffsbestimmungen \u00a0Die in unserer Datenschutzerkl\u00e4rung verwendeten Begriffsbestimmungen entsprechen denen des Art. &hellip; <a href=\"https:\/\/rot-h-kirch.de\/?page_id=526\" class=\"more-link\"><span class=\"screen-reader-text\">Datenschutzerkl\u00e4rung<\/span> weiterlesen<\/a><\/p>\n","protected":false},"author":1,"featured_media":0,"parent":0,"menu_order":7,"comment_status":"closed","ping_status":"closed","template":"","meta":{"footnotes":""},"_links":{"self":[{"href":"https:\/\/rot-h-kirch.de\/index.php?rest_route=\/wp\/v2\/pages\/526"}],"collection":[{"href":"https:\/\/rot-h-kirch.de\/index.php?rest_route=\/wp\/v2\/pages"}],"about":[{"href":"https:\/\/rot-h-kirch.de\/index.php?rest_route=\/wp\/v2\/types\/page"}],"author":[{"embeddable":true,"href":"https:\/\/rot-h-kirch.de\/index.php?rest_route=\/wp\/v2\/users\/1"}],"replies":[{"embeddable":true,"href":"https:\/\/rot-h-kirch.de\/index.php?rest_route=%2Fwp%2Fv2%2Fcomments&post=526"}],"version-history":[{"count":9,"href":"https:\/\/rot-h-kirch.de\/index.php?rest_route=\/wp\/v2\/pages\/526\/revisions"}],"predecessor-version":[{"id":539,"href":"https:\/\/rot-h-kirch.de\/index.php?rest_route=\/wp\/v2\/pages\/526\/revisions\/539"}],"wp:attachment":[{"href":"https:\/\/rot-h-kirch.de\/index.php?rest_route=%2Fwp%2Fv2%2Fmedia&parent=526"}],"curies":[{"name":"wp","href":"https:\/\/api.w.org\/{rel}","templated":true}]}}