{"id":13,"date":"2015-01-01T19:03:14","date_gmt":"2015-01-01T19:03:14","guid":{"rendered":"http:\/\/headsh.han-solo.net\/vonrothkirch\/?page_id=13"},"modified":"2023-03-11T13:56:39","modified_gmt":"2023-03-11T13:56:39","slug":"wappen-und-herkunft","status":"publish","type":"page","link":"https:\/\/rot-h-kirch.de\/?page_id=13","title":{"rendered":"Wappen"},"content":{"rendered":"<div class=\"page\" title=\"Page 1\">\n<div class=\"section\">\n<div class=\"layoutArea\">\n<div class=\"column\">\n<p><img decoding=\"async\" loading=\"lazy\" class=\"  wp-image-256 alignright\" src=\"https:\/\/i0.wp.com\/rot-h-kirch.de\/wp-content\/uploads\/2015\/01\/Bildschirmfoto-2015-01-31-um-17.10.49.jpg?resize=163%2C203&#038;ssl=1\" alt=\"Bildschirmfoto 2015-01-31 um 17.10.49\" width=\"163\" height=\"203\" srcset=\"https:\/\/i0.wp.com\/rot-h-kirch.de\/wp-content\/uploads\/2015\/01\/Bildschirmfoto-2015-01-31-um-17.10.49.jpg?resize=241%2C300&amp;ssl=1 241w, https:\/\/i0.wp.com\/rot-h-kirch.de\/wp-content\/uploads\/2015\/01\/Bildschirmfoto-2015-01-31-um-17.10.49.jpg?w=406&amp;ssl=1 406w\" sizes=\"(max-width: 163px) 100vw, 163px\" data-recalc-dims=\"1\" \/><strong>Die Wappen der Familien von Rothkirch<\/strong><\/p>\n<p>Friedrich-Eberhard v. Rothkirch<br \/>\n(aus der\u00a0&#8222;Rothkirchschen allgemeinen Zeitung&#8220; von 1998)<\/p>\n<p>Der Bitte, etwas \u00fcber die Wappen der Familien von Rothkirch zu schreiben, folge ich gern; freilich mit dem ausdr\u00fccklichen Hinweis auf die vorz\u00fcgliche Darstellung von Vetter <strong><a title=\"Pers\u00f6nlichkeiten\" href=\"https:\/\/rot-h-kirch.de\/?page_id=89\" target=\"_blank\" rel=\"noopener noreferrer\">Valerius<\/a><\/strong>: &#8222;Die Wappen&#8220;, in: &#8222;Familiengeschichte derer von Rothkirch&#8220;, Celle 1990, Bd. 1, Seite 6 ff.).<\/p>\n<p><em>&#8222;Wappen sind farbige, bleibende oder vererbliche Abzeichen einer Person oder Personengemeinschaft die in ihren Formen auf den mittelalterlichen Schutzwaffen beruhen. Die \u00e4ltesten Wappen\u00a0sind seit etwa 1130 bekannt. Sie entsprangen in der Kreuzzugszeit der Notwendigkeit, den vollger\u00fcsteten Krieger f\u00fcr Freund und Feind erkennbar zu machen. Eine Wappenbeschreibung wird vom Schildtr\u00e4ger aus gedacht, nennt also &#8222;rechts&#8220;, was vom Beschauer aus &#8222;links&#8220; ist und umgekehrt. Hauptbestandteile eines Wappens sind Schild und Helm mit Helmzier und Helmdecken. Die Gleichsetzung des Schildes mit seinem Tr\u00e4ger dr\u00fcckt sich in den Siegeln aus.&#8220; (Vergleiche &#8222;Heraldik&#8220; in Brockhaus Enzyklop\u00e4die, Bd. 8, Seite 382 ff.)<\/em><\/p>\n<p>Das einfache Wappen\u00a0derer\u00a0von Rothkirch zeigt auf goldenem Feld drei <img decoding=\"async\" loading=\"lazy\" class=\"  wp-image-246 alignright\" src=\"https:\/\/i0.wp.com\/rot-h-kirch.de\/wp-content\/uploads\/2015\/01\/Bildschirmfoto-2015-01-31-um-16.14.01.jpg?resize=149%2C177&#038;ssl=1\" alt=\"Bildschirmfoto 2015-01-31 um 16.14.01\" width=\"149\" height=\"177\" srcset=\"https:\/\/i0.wp.com\/rot-h-kirch.de\/wp-content\/uploads\/2015\/01\/Bildschirmfoto-2015-01-31-um-16.14.01.jpg?resize=253%2C300&amp;ssl=1 253w, https:\/\/i0.wp.com\/rot-h-kirch.de\/wp-content\/uploads\/2015\/01\/Bildschirmfoto-2015-01-31-um-16.14.01.jpg?w=576&amp;ssl=1 576w\" sizes=\"(max-width: 149px) 100vw, 149px\" data-recalc-dims=\"1\" \/>schwarze gekr\u00f6nte Adlerk\u00f6pfe.\u00a0Eine der \u00e4ltesten Darstellungen eines Wappens mit drei ungekr\u00f6nten Adlerk\u00f6pfen (golden\u00a0auf\u00a0blauem Feld) finden wir auf dem Bild des Ritters und Minnes\u00e4ngers <a href=\"http:\/\/www.ub.uni-heidelberg.de\/allg\/benutzung\/bereiche\/handschriften\/manesse2010\/exponate\/lieder\/aue.html\" target=\"_blank\" rel=\"noopener noreferrer\">Hartmann von Aue<\/a> (ca. 1175 &#8211; ca. 1215) in der <a href=\"http:\/\/digi.ub.uni-heidelberg.de\/diglit\/cpg848\/0364\" target=\"_blank\" rel=\"noopener noreferrer\">Manesseschen\u00a0Handschrift<\/a> von ca. 1300 (vgl. Brockhaus Enzyklop\u00e4die Bd. 8, Seite 201).<\/p>\n<p>Weitere Wappen\u00a0mit den drei Adlerk\u00f6pfen trugen &#8211; golden auf schwarzem Feld &#8211;\u00a0\u00a0das schon lange erloschene Geschlecht der Grafen von Schackenthun, schwarz gekr\u00f6nt auf silbernem Feld die <a href=\"http:\/\/www.google.de\/imgres?imgurl=http%3A%2F%2Fwww.schilling-verband.de%2Ffiles%2Fimages%2Fstartpage%2FSvLahnstein.png&amp;imgrefurl=http%3A%2F%2Fwww.schilling-verband.de%2Fvereinssymbol.html&amp;h=200&amp;w=171&amp;tbnid=uVAUCwMPhBgrTM%3A&amp;zoom=1&amp;docid=VCsyf-5XMtC70M&amp;ei=KFjNVMniOMG4ygPKuIKgAg&amp;tbm=isch&amp;client=safari&amp;iact=rc&amp;uact=3&amp;dur=770&amp;page=1&amp;start=0&amp;ndsp=26&amp;ved=0CDsQrQMwCA\" target=\"_blank\" rel=\"noopener noreferrer\">Schilling von Lahnstein<\/a> (oder Landstein); ein solches Wappen findet sich auch an einem <a href=\"http:\/\/www.holidaycheck.de\/reisetipp-Urlaubsbilder+St+Johannis+Kirche-ch_ub-zid_23691.html?action=detail&amp;mediaId=1168503242\" target=\"_blank\" rel=\"noopener noreferrer\">Pfeiler der Johanneskirche zu L\u00fcneburg<\/a>. &#8211; <em>&#8222;Ungekr\u00f6nt kommen die Adlerk\u00f6pfe im Wappen der Freiherrn von Eber, der franz\u00f6sischen Familie <a href=\"http:\/\/www.genealogie.com\/blasons\/armoiries-famille-Ribaupierre-anct-Rappolstein-117711\">Ribaupierre<\/a> und in dem der franz\u00f6sischen Familie <a href=\"http:\/\/arnouvilleetsonpasse.fr\/presentation\/\">Machaut<\/a>\u00a0vor. Von \u00e4hnlichen Wappenbildern finden wir drei schwarze Hahnenk\u00f6pfe mit K\u00e4mmen, aber ungekr\u00f6nt, im Wappen der <a href=\"http:\/\/www.wappenbuch.com\/A068.htm\">Tauer<\/a> <a href=\"https:\/\/i0.wp.com\/www.vonrothkirch.de\/vonrothkirch\/wp-content\/uploads\/2015\/01\/Bildschirmfoto-2015-01-31-um-17.02.05.jpg\"><img decoding=\"async\" loading=\"lazy\" class=\"  wp-image-252 alignright\" src=\"https:\/\/i0.wp.com\/rot-h-kirch.de\/wp-content\/uploads\/2015\/01\/Bildschirmfoto-2015-01-31-um-17.02.05.jpg?resize=165%2C203&#038;ssl=1\" alt=\"Bildschirmfoto 2015-01-31 um 17.02.05\" width=\"165\" height=\"203\" srcset=\"https:\/\/i0.wp.com\/rot-h-kirch.de\/wp-content\/uploads\/2015\/01\/Bildschirmfoto-2015-01-31-um-17.02.05.jpg?resize=244%2C300&amp;ssl=1 244w, https:\/\/i0.wp.com\/rot-h-kirch.de\/wp-content\/uploads\/2015\/01\/Bildschirmfoto-2015-01-31-um-17.02.05.jpg?w=368&amp;ssl=1 368w\" sizes=\"(max-width: 165px) 100vw, 165px\" data-recalc-dims=\"1\" \/><\/a>(altes schlesisches Geschlecht, lange erloschen), das Wappen \u00e4hnelt\u00a0augenf\u00e4llig dem unsrigen.\u00a0Es liegt aber ein guter Grund vor, anzunehmen, dass beide Wappen\u00a0urspr\u00fcnglich und bis ins 17. Jahrhundert v\u00f6llig \u00fcbereinstimmten (&#8230;) Drei gekr\u00f6nte Rabenk\u00f6pfe aber finden wir im Wappen der Grafen von <a href=\"http:\/\/de.wikipedia.org\/wiki\/Herren_zu_Rappoltstein\">Rappoltstein<\/a>&#8222;<\/em> (vergleiche Valerius von Rothkirch a.a.O.\u00a0S. 6 ff.).<\/p>\n<figure id=\"attachment_259\" aria-describedby=\"caption-attachment-259\" style=\"width: 229px\" class=\"wp-caption alignleft\"><a href=\"https:\/\/i0.wp.com\/rot-h-kirch.de\/wp-content\/uploads\/2015\/01\/rothkirchwahlstatt.jpg?ssl=1\" target=\"_blank\" rel=\"noopener noreferrer\"><img decoding=\"async\" loading=\"lazy\" class=\"  wp-image-259\" src=\"https:\/\/i0.wp.com\/rot-h-kirch.de\/wp-content\/uploads\/2015\/01\/rothkirchwahlstatt.jpg?resize=229%2C283&#038;ssl=1\" alt=\"rothkirchwahlstatt\" width=\"229\" height=\"283\" srcset=\"https:\/\/i0.wp.com\/rot-h-kirch.de\/wp-content\/uploads\/2015\/01\/rothkirchwahlstatt.jpg?resize=243%2C300&amp;ssl=1 243w, https:\/\/i0.wp.com\/rot-h-kirch.de\/wp-content\/uploads\/2015\/01\/rothkirchwahlstatt.jpg?w=788&amp;ssl=1 788w\" sizes=\"(max-width: 229px) 100vw, 229px\" data-recalc-dims=\"1\" \/><\/a><figcaption id=\"caption-attachment-259\" class=\"wp-caption-text\">Bildausschnitt aus der Breslauer Universit\u00e4ts-Handschrift von 1451<\/figcaption><\/figure>\n<p>Die wohl \u00e4ltesten Darstellungen des Wappens der von Rothkirch finden wir unter anderem auf dem Schild des herzoglichen Bannertr\u00e4gers in der Schlacht bei Liegnitz gegen die Mongolen am 9. April 1241 (vgl. Valerius v.R.\u00a0a.a.O. S. 15,16 ff.) sowie auf dem Siegel <em>&#8222;des Ritters Marcus,\u00a0Kastellans\u00a0von L\u00fcben&#8220;<\/em>, 1314.<\/p>\n<p>Auf dem Siegel <strong>Heinzes (I.3)<\/strong>\u00a0um 1400 tragen die Adlerk\u00f6pfe bereits Bl\u00e4tterkronen. Entsprechend zeigt das Wappen <em>&#8222;im goldnen Feld drei schwarze, gekr\u00f6nte, rechtsgewendete Adlerk\u00f6pfe mit H\u00e4lsen, goldenen Schn\u00e4beln und rot ausgeschlagenen Zungen. Aus dem gekr\u00f6nten Helm ragt ein gleicher Adlerkopf hervor. Die Helmdecken sind schwarz-rot-golden. Alle die sp\u00e4teren Siegel und Leichensteine entsprechen der oben gegebenen Beschreibung unseres Wappens.&#8220;<\/em><\/p>\n<p>Nach und nach hat unser Wappen durch Auswanderungen, <img decoding=\"async\" loading=\"lazy\" class=\"  wp-image-260 alignright\" src=\"https:\/\/i0.wp.com\/www.vonrothkirch.de\/vonrothkirch\/wp-content\/uploads\/2015\/01\/Bildschirmfoto-2015-01-31-um-16.14.27-300x275.jpg?resize=202%2C185\" alt=\"Bildschirmfoto 2015-01-31 um 16.14.27\" width=\"202\" height=\"185\" srcset=\"https:\/\/i0.wp.com\/rot-h-kirch.de\/wp-content\/uploads\/2015\/01\/Bildschirmfoto-2015-01-31-um-16.14.27.jpg?resize=300%2C275&amp;ssl=1 300w, https:\/\/i0.wp.com\/rot-h-kirch.de\/wp-content\/uploads\/2015\/01\/Bildschirmfoto-2015-01-31-um-16.14.27.jpg?w=512&amp;ssl=1 512w\" sizes=\"(max-width: 202px) 100vw, 202px\" data-recalc-dims=\"1\" \/>Standeserh\u00f6hungen, Adoptionen und \u00c4hnliches Ver\u00e4nderungen erfahren. So durch <strong>Hans v.R. (II.A.45)<\/strong>, der 1615 in schwedische Dienste trat. Damit er\u00f6ffnete er zugleich den heute noch in Finnland bl\u00fchenden Zweig der Rotkirchs.<\/p>\n<p><em>&#8222;Seinem Wappen sind die alten stolzen Adlerk\u00f6pfe zu Hahnenk\u00f6pfen mit roten Kollern und K\u00e4mmen geworden.<\/em>\u00a0(vgl. Wappen Nr. 8) <em>Warum? Es l\u00e4sst sich eben nur denken, dass Hans, der Stifter der schwedischen Linie \u2013 beim Verlassen der Heimat kaum dem Kindesalter entwachsen \u2013 \u00fcber seine Wappentiere\u00a0selbst nicht bescheid wusste und dass sein nach Sitte der Zeit au\u00dferordentlich kleiner Siegelring ihn zu belehren nicht geeignet war. Daher kam es wohl, dass dem (schwedischen) Wappenmaler die Gestaltung seines Wappens \u00fcberlassen blieb.&#8220;<\/em> (vgl. Valerius v.R.\u00a0a.a.O.\u00a0S. 8).<\/p>\n<p>Valerius \u00fcbersieht aber eine weitere M\u00f6glichkeit der Wappen\u00e4nderung: Er berichtet, dass zur Zeit von Hans` Weggang aus Schlesien 1615 das Wappen der damals in Schlesien noch bl\u00fchenden Familie von Tauer\u00a0&#8222;drei schwarze Hahnenk\u00f6pfe, aber ungekr\u00f6nt&#8220; zeigt. M\u00f6glicherweise bestanden zwischen den Familien von\u00a0Tauer\u00a0und von Rothkirch\u00a0freundschaftliche, vielleicht sogar verwandtschaftliche Beziehungen. So k\u00f6nnte es gekommen sein, dass Hans bei seinem Weg nach Schweden von Verwandten einen Tauerschen Siegelring geschenkt bekam. Wir werden den wahren Sachverhalt nicht mehr erfahren. Seit l\u00e4ngerer Zeit hatte der um 1700 am schwedischen Ast der Rothkirchs entstandene und heute noch bl\u00fchende Zweig der Rotkirchs in Finnland das urspr\u00fcngliche Wappen mit den drei Adlerk\u00f6pfen wieder angenommen.<\/p>\n<p><img decoding=\"async\" loading=\"lazy\" class=\"  wp-image-267 alignleft\" src=\"https:\/\/i0.wp.com\/rot-h-kirch.de\/wp-content\/uploads\/2015\/01\/Bildschirmfoto-2015-01-31-um-16.14.13.jpg?resize=181%2C191&#038;ssl=1\" alt=\"Bildschirmfoto 2015-01-31 um 16.14.13\" width=\"181\" height=\"191\" srcset=\"https:\/\/i0.wp.com\/rot-h-kirch.de\/wp-content\/uploads\/2015\/01\/Bildschirmfoto-2015-01-31-um-16.14.13.jpg?resize=284%2C300&amp;ssl=1 284w, https:\/\/i0.wp.com\/rot-h-kirch.de\/wp-content\/uploads\/2015\/01\/Bildschirmfoto-2015-01-31-um-16.14.13.jpg?w=508&amp;ssl=1 508w\" sizes=\"(max-width: 181px) 100vw, 181px\" data-recalc-dims=\"1\" \/><\/p>\n<p>Ihr Wappen\u00a0erf\u00e4hrt eine \u00c4nderung durch <strong>Carl Fredrik<\/strong> <strong>Rotkirch (II.A.226)<\/strong>, als\u00a0dieser, von Zar Nikolaus I mit Diplom vom\u00a014. August 1830 in den Freiherrenstand erhoben, sein Wappen mit dem Wappen seiner Frau Augusta Frederika Elisabeth Aminoff verbindet.<\/p>\n<p><a href=\"https:\/\/i0.wp.com\/rot-h-kirch.de\/wp-content\/uploads\/2015\/01\/Bildschirmfoto-2015-01-31-um-16.13.33.jpg?ssl=1\"><img decoding=\"async\" loading=\"lazy\" class=\"  wp-image-263 alignright\" src=\"https:\/\/i0.wp.com\/rot-h-kirch.de\/wp-content\/uploads\/2015\/01\/Bildschirmfoto-2015-01-31-um-16.13.33.jpg?resize=215%2C234&#038;ssl=1\" alt=\"Bildschirmfoto 2015-01-31 um 16.13.33\" width=\"215\" height=\"234\" srcset=\"https:\/\/i0.wp.com\/rot-h-kirch.de\/wp-content\/uploads\/2015\/01\/Bildschirmfoto-2015-01-31-um-16.13.33.jpg?resize=276%2C300&amp;ssl=1 276w, https:\/\/i0.wp.com\/rot-h-kirch.de\/wp-content\/uploads\/2015\/01\/Bildschirmfoto-2015-01-31-um-16.13.33.jpg?w=528&amp;ssl=1 528w\" sizes=\"(max-width: 215px) 100vw, 215px\" data-recalc-dims=\"1\" \/><\/a><\/p>\n<p>Das n\u00e4chste ver\u00e4nderte von Rothkirchsche Wappen entstand durch die mit dem b\u00f6hmischen Diplom vom 18. Juli 1662 von Kaiser Leopold I verliehene Erhebung des <strong>Hans Christoph von Rothkirch (I.138)<\/strong> in den Freiherrenstand des K\u00f6nigreichs B\u00f6hmen (vgl. Valerius v. R.\u00a0a.a.O. S. 53).\u00a0Hans Christoph hat sein Wappen,\u00a0entsprechend seinem Leben als kaiserlicher Offizier, selbst entworfen.<\/p>\n<p><a href=\"https:\/\/i0.wp.com\/rot-h-kirch.de\/wp-content\/uploads\/2015\/01\/Bildschirmfoto-2015-01-31-um-16.14.46.jpg?ssl=1\"><img decoding=\"async\" loading=\"lazy\" class=\"  wp-image-269 alignleft\" src=\"https:\/\/i0.wp.com\/rot-h-kirch.de\/wp-content\/uploads\/2015\/01\/Bildschirmfoto-2015-01-31-um-16.14.46.jpg?resize=232%2C246&#038;ssl=1\" alt=\"Bildschirmfoto 2015-01-31 um 16.14.46\" width=\"232\" height=\"246\" srcset=\"https:\/\/i0.wp.com\/rot-h-kirch.de\/wp-content\/uploads\/2015\/01\/Bildschirmfoto-2015-01-31-um-16.14.46.jpg?resize=283%2C300&amp;ssl=1 283w, https:\/\/i0.wp.com\/rot-h-kirch.de\/wp-content\/uploads\/2015\/01\/Bildschirmfoto-2015-01-31-um-16.14.46.jpg?w=462&amp;ssl=1 462w\" sizes=\"(max-width: 232px) 100vw, 232px\" data-recalc-dims=\"1\" \/><\/a><\/p>\n<p>Eine leichte Ver\u00e4nderung <em>&#8222;mit einem goldnen, mit Perlenschn\u00fcren umwundenen Reifen&#8220;<\/em>\u00a0(vgl. Valerius v.\u00a0R.\u00a0a.a.O Seite 7) erh\u00e4lt unser Wappen durch die Erhebung von <strong>Friedrich Karl Heinrich (I.368)<\/strong> von Rothkirch in den Freiherrenstand.<\/p>\n<p><a href=\"https:\/\/i0.wp.com\/rot-h-kirch.de\/wp-content\/uploads\/2015\/01\/Bildschirmfoto-2015-01-31-um-16.15.14.jpg?ssl=1\"><img decoding=\"async\" loading=\"lazy\" class=\"  wp-image-271 alignright\" src=\"https:\/\/i0.wp.com\/www.vonrothkirch.de\/vonrothkirch\/wp-content\/uploads\/2015\/01\/Bildschirmfoto-2015-01-31-um-16.15.14-300x292.jpg?resize=243%2C237\" alt=\"Bildschirmfoto 2015-01-31 um 16.15.14\" width=\"243\" height=\"237\" srcset=\"https:\/\/i0.wp.com\/rot-h-kirch.de\/wp-content\/uploads\/2015\/01\/Bildschirmfoto-2015-01-31-um-16.15.14.jpg?resize=300%2C292&amp;ssl=1 300w, https:\/\/i0.wp.com\/rot-h-kirch.de\/wp-content\/uploads\/2015\/01\/Bildschirmfoto-2015-01-31-um-16.15.14.jpg?w=502&amp;ssl=1 502w\" sizes=\"(max-width: 243px) 100vw, 243px\" data-recalc-dims=\"1\" \/><\/a><\/p>\n<p><em>&#8222;Unterm 4. M\u00e4rz 1757 wurde\u00a0<strong>Johann von Rothkirch (I.244)<\/strong> nach Adoption durch seinen Schwager,\u00a0Frhr.\u00a0Wenzel von Trach, vom K\u00f6nig Friedrich II von Preu\u00dfen den Freiherrenstand erhoben als Freiherr von Rothkirch und Trach. Sein Wappen wird durch die Verbindung mit dem Trach`schen Wappen ver\u00e4ndert.&#8220;<\/em> (vgl.\u00a0Valerius v.R.\u00a0a.a.O. S. 7 ff.)\u00a0und Wappen Nr. 5.<\/p>\n<p><a href=\"https:\/\/i0.wp.com\/rot-h-kirch.de\/wp-content\/uploads\/2015\/01\/Bildschirmfoto-2015-01-31-um-16.13.44.jpg?ssl=1\"><img decoding=\"async\" loading=\"lazy\" class=\"  wp-image-264 alignleft\" src=\"https:\/\/i0.wp.com\/rot-h-kirch.de\/wp-content\/uploads\/2015\/01\/Bildschirmfoto-2015-01-31-um-16.13.44.jpg?resize=214%2C241&#038;ssl=1\" alt=\"Bildschirmfoto 2015-01-31 um 16.13.44\" width=\"214\" height=\"241\" srcset=\"https:\/\/i0.wp.com\/rot-h-kirch.de\/wp-content\/uploads\/2015\/01\/Bildschirmfoto-2015-01-31-um-16.13.44.jpg?resize=266%2C300&amp;ssl=1 266w, https:\/\/i0.wp.com\/rot-h-kirch.de\/wp-content\/uploads\/2015\/01\/Bildschirmfoto-2015-01-31-um-16.13.44.jpg?w=526&amp;ssl=1 526w\" sizes=\"(max-width: 214px) 100vw, 214px\" data-recalc-dims=\"1\" \/><\/a>1826 werden die Br\u00fcder <strong>Leopold (I.331)<\/strong> und <strong>Leonard (I.332)<\/strong> von Rothkirch aus der Panthener Linie als Grafen von Rothkirch und Panthen in den \u00f6sterreichischen Grafenstand erhoben (Diplom vom 22. Januar 1826). Unser Wappen erh\u00e4lt dabei eine Grafenkrone (9 Perlenspitzen) \u00fcber dem Wappenschild, der von zwei geharnischten M\u00e4nnern rechts und links gehalten wird (vgl.\u00a0Valerius v.R.\u00a0a.a.O. S. 7) und Wappen\u00a0Nr. 3.<\/p>\n<p><a href=\"https:\/\/i0.wp.com\/rot-h-kirch.de\/wp-content\/uploads\/2015\/01\/Bildschirmfoto-2015-01-31-um-16.15.28.jpg?ssl=1\"><img decoding=\"async\" loading=\"lazy\" class=\"  wp-image-272 alignright\" src=\"https:\/\/i0.wp.com\/rot-h-kirch.de\/wp-content\/uploads\/2015\/01\/Bildschirmfoto-2015-01-31-um-16.15.28.jpg?resize=192%2C254&#038;ssl=1\" alt=\"Bildschirmfoto 2015-01-31 um 16.15.28\" width=\"192\" height=\"254\" srcset=\"https:\/\/i0.wp.com\/rot-h-kirch.de\/wp-content\/uploads\/2015\/01\/Bildschirmfoto-2015-01-31-um-16.15.28.jpg?resize=227%2C300&amp;ssl=1 227w, https:\/\/i0.wp.com\/rot-h-kirch.de\/wp-content\/uploads\/2015\/01\/Bildschirmfoto-2015-01-31-um-16.15.28.jpg?w=412&amp;ssl=1 412w\" sizes=\"(max-width: 192px) 100vw, 192px\" data-recalc-dims=\"1\" \/><\/a>1851 wird Freiherr <strong>Alexander Wolfgang von Rothkirch und Trach (I.342)<\/strong> von seinem Onkel Friedrich von Schwarzenfels adoptiert mit dem Zusatznamen &#8222;<strong>genannt von Schwarzenfels<\/strong>&#8222;. Auch hier erfolgt die Ver\u00e4nderung unseres Wappens durch die Verbindung mit dem Schwarzenfelsschen Wappen\u00a0(vgl.\u00a0Valerius v.R.\u00a0a.a.O. S. 7), Wappen Nr. 6.<\/p>\n<p><img decoding=\"async\" loading=\"lazy\" class=\"  wp-image-273 alignleft\" src=\"https:\/\/i0.wp.com\/rot-h-kirch.de\/wp-content\/uploads\/2015\/01\/Bildschirmfoto-2015-01-31-um-16.15.36.jpg?resize=225%2C246&#038;ssl=1\" alt=\"Bildschirmfoto 2015-01-31 um 16.15.36\" width=\"225\" height=\"246\" srcset=\"https:\/\/i0.wp.com\/rot-h-kirch.de\/wp-content\/uploads\/2015\/01\/Bildschirmfoto-2015-01-31-um-16.15.36.jpg?resize=275%2C300&amp;ssl=1 275w, https:\/\/i0.wp.com\/rot-h-kirch.de\/wp-content\/uploads\/2015\/01\/Bildschirmfoto-2015-01-31-um-16.15.36.jpg?w=470&amp;ssl=1 470w\" sizes=\"(max-width: 225px) 100vw, 225px\" data-recalc-dims=\"1\" \/>Durch die den Freiherren <strong>Ernst Edwin (I.377)<\/strong> und <strong>Leopold von Rothkirch und Trach \u00a0(I.339)<\/strong> unterm 18. Oktober respektive 15. November 1861 erteilten preu\u00dfischen Grafendiplome hat unser Wappen folgende \u00c4nderung erfahren: der Schild ist mit der Grafenkrone bedeckt. Die Rothkirchschen Adlerk\u00f6pfe nehmen wieder den ersten Platz, d.h. den vorderen Teil ein, sind aber demgem\u00e4\u00df links gegen den Drachen im hinteren Teil gewendet und haben, wie im Stammwappen, goldene Schn\u00e4bel. Entsprechend haben auch die Schildhalter ihre Stellen gewechselt. (vgl.\u00a0Valerius v.R.\u00a0a.a.O. S. 7), Wappen\u00a0Nr. 7.<\/p>\n<p>Eine lange Zeit liegt zwischen dem Jahrhundert, in dem der Schild mit den drei schwarzen Adlerk\u00f6pfen auf goldenem Grund zum Wappen der Familien von Rothkirch wurde, und Heute. Von Generation zu Generation, in guten und schweren Zeiten weitergegeben, ist es auf uns gekommen, um weitergereicht zu werden unter dem Losungswort, das \u00fcber dem noch heute vorhandenen Wappen \u00fcber der Schottgauer Haust\u00fcr steht:<\/p>\n<p><em>Soli Deo Gloria. Gott allein die Ehre!<\/em><\/p>\n<p>Celle, im Mai 1998<br \/>\nFriedrich Eberhard von Rothkirch (I.530)<\/p>\n<\/div>\n<\/div>\n<\/div>\n<\/div>\n","protected":false},"excerpt":{"rendered":"<p>Die Wappen der Familien von Rothkirch Friedrich-Eberhard v. Rothkirch (aus der\u00a0&#8222;Rothkirchschen allgemeinen Zeitung&#8220; von 1998) Der Bitte, etwas \u00fcber die Wappen der Familien von Rothkirch zu schreiben, folge ich gern; freilich mit dem ausdr\u00fccklichen Hinweis auf die vorz\u00fcgliche Darstellung von Vetter Valerius: &#8222;Die Wappen&#8220;, in: &#8222;Familiengeschichte derer von Rothkirch&#8220;, Celle 1990, Bd. 1, Seite 6 &hellip; <a href=\"https:\/\/rot-h-kirch.de\/?page_id=13\" class=\"more-link\"><span class=\"screen-reader-text\">Wappen<\/span> weiterlesen<\/a><\/p>\n","protected":false},"author":1,"featured_media":0,"parent":11,"menu_order":0,"comment_status":"closed","ping_status":"closed","template":"","meta":{"footnotes":""},"_links":{"self":[{"href":"https:\/\/rot-h-kirch.de\/index.php?rest_route=\/wp\/v2\/pages\/13"}],"collection":[{"href":"https:\/\/rot-h-kirch.de\/index.php?rest_route=\/wp\/v2\/pages"}],"about":[{"href":"https:\/\/rot-h-kirch.de\/index.php?rest_route=\/wp\/v2\/types\/page"}],"author":[{"embeddable":true,"href":"https:\/\/rot-h-kirch.de\/index.php?rest_route=\/wp\/v2\/users\/1"}],"replies":[{"embeddable":true,"href":"https:\/\/rot-h-kirch.de\/index.php?rest_route=%2Fwp%2Fv2%2Fcomments&post=13"}],"version-history":[{"count":67,"href":"https:\/\/rot-h-kirch.de\/index.php?rest_route=\/wp\/v2\/pages\/13\/revisions"}],"predecessor-version":[{"id":976,"href":"https:\/\/rot-h-kirch.de\/index.php?rest_route=\/wp\/v2\/pages\/13\/revisions\/976"}],"up":[{"embeddable":true,"href":"https:\/\/rot-h-kirch.de\/index.php?rest_route=\/wp\/v2\/pages\/11"}],"wp:attachment":[{"href":"https:\/\/rot-h-kirch.de\/index.php?rest_route=%2Fwp%2Fv2%2Fmedia&parent=13"}],"curies":[{"name":"wp","href":"https:\/\/api.w.org\/{rel}","templated":true}]}}